{"id":156,"date":"2019-10-10T15:16:51","date_gmt":"2019-10-10T15:16:51","guid":{"rendered":"https:\/\/sidimurcia.org\/wp\/?page_id=156"},"modified":"2022-04-25T18:06:42","modified_gmt":"2022-04-25T18:06:42","slug":"bolsas-de-trabajo-activas","status":"publish","type":"page","link":"https:\/\/sidimurcia.org\/index.php\/bolsas-de-trabajo-activas\/","title":{"rendered":"Bolsas de trabajo activas"},"content":{"rendered":"<div align=\"justify\">\n<p style=\"text-align: center;\"><strong>Relaci\u00f3n\u00a0 de Bolsas de Trabajo Activas EN <span style=\"color: #008000;\"><span style=\"font-size: 20px;\">OTRAS COMUNIDADES AUT\u00d3NOMAS<\/span><\/span><\/strong><\/p>\n<p style=\"text-align: center;\"><span style=\"font-family: verdana, geneva, sans-serif;\"><span style=\"text-decoration: underline;\"><span style=\"color: #993366; text-decoration: underline;\">Si buscas otra informaci\u00f3n relativa a Bolsas de Trabajo en Murcia o de \u00e1mbito internacional, visita nuestra secci\u00f3n de<\/span><\/span> <a href=\"https:\/\/sidimurcia.org\/index.php\/bolsas-extraordinarias\/\">Bolsas Extraordinarias<\/a>.<\/span><\/p>\n<p><span style=\"color: #ff0000;\"><strong>NOTA INFORMATIVA DE SIDI<\/strong><\/span> &#8211; <u><strong>Ninguna de las convocatorias aqu\u00ed ofertadas puede ser seguida por el sindicato<\/strong><\/u> al tratarse de Consejer\u00edas de Educaci\u00f3n distintas a la de Murcia, por tanto no realizaremos publicaciones provisionales, definitivas o incluso convocatoria a realizaci\u00f3n de pruebas o actos de presentaci\u00f3n. Por ello, si participas en una de estas convocatorias, te recomendamos que hagas el seguimiento en la web de la Consejer\u00eda convocante. Dados los cientos de publicaciones, SIDI no puede hacer un seguimiento de los procesos derivados de cada una de estas convocatorias, as\u00ed como de la inclusi\u00f3n en esta p\u00e1gina de la totalidad de convocatorias que se producen en las diferentes comunidades aut\u00f3nomas.<\/p>\n<\/div>\n<p>&nbsp;<\/p>\n<p align=\"center\"><u><strong>BOLSAS Y OFERTAS DE TRABAJO PARA INTERINOS\/AS<\/strong><\/u><\/p>\n<ul>\n<li><a href=\"https:\/\/sidimurcia.org\/index.php\/2022\/04\/25\/aragon-ampliacion-lista-de-mecanizado-y-mantenimiento-de-maquinas-de-profesores-tecnicos-de-fp\/\">ARAG\u00d3N: Ampliaci\u00f3n Lista de Mecanizado y Mantenimiento de M\u00e1quinas de Profesores T\u00e9cnicos de FP<\/a>\n<ul>\n<li>Desde las 00:00 horas del viernes 22 de abril hasta las 14 horas del viernes 6 de mayo de 2022.<\/li>\n<\/ul>\n<\/li>\n<li style=\"text-align: justify;\"><a href=\"https:\/\/sidimurcia.org\/index.php\/2022\/04\/25\/andalucia-convocatoria-a-bolsas-de-trabajo-de-determinadas-especialidades-y-cuerpos-3\/\">ANDALUC\u00cdA: Convocatoria a bolsas de trabajo de determinadas especialidades y cuerpos.<\/a>\n<ul>\n<li>Plazo de solicitudes desde el 22 de abril hasta el 9 de mayo de 2022 ambos inclusive.<\/li>\n<\/ul>\n<\/li>\n<li><a href=\"https:\/\/sidimurcia.org\/index.php\/2021\/12\/14\/la-rioja-convocatoria-extraordinaria-de-interinos-de-tecnicas-y-procedimientos-de-imagen-y-sonido\/\">LA RIOJA: Convocatoria extraordinaria de interinos de T\u00e9cnicas y Procedimientos de Imagen y Sonido<\/a>\n<ul>\n<li>Plazo de presentaci\u00f3n de solicitudes : Del 14 al 20 de diciembre de 2021.<\/li>\n<\/ul>\n<\/li>\n<li><a href=\"https:\/\/sidimurcia.org\/index.php\/2021\/11\/27\/andalucia-convocatoria-a-bolsas-de-trabajo-de-determinadas-especialidades-y-cuerpos-2\/\">ANDALUC\u00cdA: Convocatoria a bolsas de trabajo de determinadas especialidades y cuerpos.<\/a>\n<ul>\n<li>Plazo desde el 29 de noviembre hasta 14 de diciembre de 2021 ambos inclusive.<\/li>\n<\/ul>\n<\/li>\n<li><a href=\"https:\/\/sidimurcia.org\/index.php\/2021\/11\/02\/ceuta-y-melilla-formacion-de-listas-de-interinidad-de-secundaria-de-varias-especialidades\/\">CEUTA Y MELILLA: Formaci\u00f3n de listas de interinidad de secundaria de varias especialidades<\/a>\n<ul>\n<li>Plazo de presentaci\u00f3n de solicitudes: desde el 29 de octubre de 2021 a las 00:01 hasta el 03 de noviembre de 2021 a las 23:59<\/li>\n<\/ul>\n<\/li>\n<li><a href=\"https:\/\/sidimurcia.org\/index.php\/2021\/10\/29\/madrid-convocatoria-extraordinaria-nuevas-listas-de-secundaria-y-fp\/\">MADRID: Convocatoria extraordinaria nuevas listas de Secundaria y FP<\/a>\n<ul>\n<li>Plazo de presentaci\u00f3n de solicitudes del 27 de octubre al 11 de noviembre de 2021, ambos inclusive.<\/li>\n<\/ul>\n<\/li>\n<li><a href=\"https:\/\/sidimurcia.org\/index.php\/2021\/10\/18\/australia-oferta-de-empleo-de-profesor-temporal-en-centros-en-la-agrupacion-de-lengua-y-cultura-espanolas\/\">AUSTRALIA: Oferta de empleo de profesor temporal en centros en la Agrupaci\u00f3n de lengua y cultura espa\u00f1olas.<\/a>\n<ul>\n<li>Plazo de presentaci\u00f3n de solicitudes Desde el 13 de octubre de 2021 a las 08:00 hasta el 27 de octubre de 2021 a las 17:30<\/li>\n<\/ul>\n<\/li>\n<li style=\"text-align: justify;\"><a href=\"https:\/\/sidimurcia.org\/index.php\/2021\/10\/06\/asturias-bolsas-de-aspirantes-a-interinidad-de-varios-cuerpos-y-especialidades\/\">ASTURIAS: Bolsas de aspirantes a interinidad de varios cuerpos y especialidades<\/a>\n<ul>\n<li>Plazo de 10 d\u00edas h\u00e1biles para la presentaci\u00f3n de solicitudes a partir del d\u00eda siguiente de dicha publicaci\u00f3n<\/li>\n<\/ul>\n<\/li>\n<li><a href=\"https:\/\/sidimurcia.org\/index.php\/2021\/09\/27\/cantabria-convocatoria-extraordinaria-de-la-especialidad-de-oficina-de-proyectos-de-construccion-212-de-fp\/\">CANTABRIA: Convocatoria extraordinaria de la especialidad de Oficina de Proyectos de Construcci\u00f3n (212) de FP<\/a>\n<ul>\n<li style=\"text-align: justify;\">El acceso estar\u00e1 disponible desde las 09:00 horas del d\u00eda 27 de septiembre de 2021, hasta las 14:00 horas del d\u00eda 28 de septiembre de 2021.<\/li>\n<\/ul>\n<\/li>\n<\/ul>\n<p align=\"center\"><!--nextpage--><\/p>\n<div>\n<div>\n<div>\n<div>\n<div>\n<div>\n<div>\n<div>\n<div>\n<div>\n<div>\n<ul>\n<li style=\"text-align: justify;\"><a href=\"https:\/\/sidimurcia.org\/index.php\/2021\/06\/14\/suiza-contratacion-de-personal-laboral-temporal-en-regimen-de-interinidad-por-sustitucion-de-maestro-a-en-la-agrupacion-de-lengua-y-cultura-espanolas-de-berna\/\">SUIZA: Contrataci\u00f3n de personal laboral temporal, en r\u00e9gimen de interinidad por sustituci\u00f3n, de Maestro\/a en la Agrupaci\u00f3n de Lengua y Cultura Espa\u00f1olas de Berna<\/a>\n<ul>\n<li>Plazo presentaci\u00f3n solicitudes: Del 8 al 21 de junio de 2021<\/li>\n<\/ul>\n<\/li>\n<li style=\"text-align: justify;\"><a href=\"https:\/\/sidimurcia.org\/index.php\/2021\/06\/14\/eeuu-contratacion-de-personal-laboral-temporal-en-regimen-de-interinidad-por-sustitucion-de-maestro-a-en-la-agrupacion-de-lengua-y-cultura-espanolas-de-nueva-york\/\">EEUU: Contrataci\u00f3n de personal laboral temporal, en r\u00e9gimen de interinidad por sustituci\u00f3n, de Maestro\/a en la Agrupaci\u00f3n de Lengua y Cultura Espa\u00f1olas de Nueva York<\/a>\n<ul>\n<li>Plazo presentaci\u00f3n de solicitudes: Del 8 al 14 de junio de 2021.<\/li>\n<\/ul>\n<\/li>\n<li><a href=\"https:\/\/sidimurcia.org\/index.php\/2021\/05\/24\/reino-unido-convocatoria-para-la-contratacion-de-personal-laboral-temporal-profesor-a-varias-especialidades-2021\/\">REINO UNIDO: Convocatoria para la contrataci\u00f3n de personal laboral temporal \u2013 profesor\/a (varias especialidades) \u2013 2021<\/a>\n<ul>\n<li>Plazo de presentaci\u00f3n de solicitudes: desde el 21 de mayo de 2021 hasta el 02 de junio de 2021<\/li>\n<\/ul>\n<\/li>\n<li><a href=\"https:\/\/sidimurcia.org\/index.php\/2021\/05\/05\/convocatoria-ingreso-personal-laboral-fijo-maestrs-en-instituto-espanol-vicente-canada-blanch-de-londres\/\">Convocatoria ingreso personal laboral fijo (maestr@s) en Instituto Espa\u00f1ol \u00abVicente Ca\u00f1ada Blanch\u00bb de Londres<\/a>\n<ul>\n<li>Plazo presentaci\u00f3n de solicitudes: Del 5 al 18 de mayo de 2021.<\/li>\n<\/ul>\n<\/li>\n<li><a href=\"https:\/\/sidimurcia.org\/index.php\/2021\/03\/17\/asturias-convocatoria-para-la-elaboracion-de-bolsas-de-aspirantes-a-interinidad-para-secundaria-y-fp\/\">ASTURIAS: Convocatoria para la elaboraci\u00f3n de bolsas de aspirantes a interinidad para Secundaria y FP<\/a>\n<ul>\n<li>Plazo de presentaci\u00f3n de solicitudes: del 17 al 30 de marzo de 2021 (ambos inclusive)<\/li>\n<\/ul>\n<\/li>\n<li><a href=\"https:\/\/sidimurcia.org\/index.php\/2021\/02\/22\/colombia-brasil-convocatoria-profesores-interinos-en-programas-educativos-en-exterior-curso-21-22\/\">COLOMBIA-BRASIL: Convocatoria Profesores interinos en programas educativos en exterior, curso 21\/22<\/a>\n<ul>\n<li>Plazo de presentaci\u00f3n de solicitudes: desde el 22 de febrero de 2021 a las 00:00 hasta el 08 de marzo de 2021 a las 23:59<\/li>\n<\/ul>\n<\/li>\n<li><a href=\"https:\/\/sidimurcia.org\/index.php\/2021\/02\/16\/alemania-convocatoria-para-cubrir-puestos-docentes-de-interinidad-en-los-programas-de-la-accion-educativa-espanola\/\">ALEMANIA: Convocatoria para cubrir puestos docentes de interinidad en los programas de la Acci\u00f3n educativa espa\u00f1ol<\/a>a\n<ul>\n<li>Plazo de presentaci\u00f3n de solicitudes: desde el 16 de febrero de 2021 a las 00:00 hasta el 02 de marzo de 2021 a las 23:59<\/li>\n<\/ul>\n<\/li>\n<li><a href=\"https:\/\/sidimurcia.org\/index.php\/2021\/02\/16\/melilla-convocatoria-de-bolsas-de-aspirantes-a-interinidad-varios-cuerpos-y-especialidades\/\">MELILLA: Convocatoria de bolsas de aspirantes a interinidad varios cuerpos y especialidades<\/a>\n<ul>\n<li>Plazo de presentaci\u00f3n de solicitudes: desde el 16 de febrero de 2021 hasta el 22 de febrero de 2021<\/li>\n<\/ul>\n<\/li>\n<li><a href=\"https:\/\/sidimurcia.org\/index.php\/2021\/02\/15\/asturias-convocatoria-de-bolsas-de-aspirantes-a-interinidad-varios-cuerpos-y-especialidades-2\/\">ASTURIAS: Convocatoria de bolsas de aspirantes a interinidad varios cuerpos y especialidades<\/a>\n<ul>\n<li>Plazo de presentaci\u00f3n de solicitudes: del 13 al 26 de febrero de 2021 (ambos inclusive)<\/li>\n<\/ul>\n<\/li>\n<li><a href=\"https:\/\/sidimurcia.org\/index.php\/2021\/02\/15\/italia-profesores-interinos-en-programas-educativos-en-el-exterior-curso-21-22\/\">ITALIA: Profesores interinos en programas educativos en el exterior, curso 21\/22<\/a>\n<ul>\n<li>Plazo desde el 12 de febrero de 2021 a las 08:00 hasta el 04 de marzo de 2021 a las 17:30<\/li>\n<\/ul>\n<\/li>\n<li><a href=\"https:\/\/sidimurcia.org\/index.php\/2021\/02\/12\/andorra-convocatoria-puestos-en-regimen-interinidad-en-colegio-espanol-maria-moliner-curso-21-22\/\">ANDORRA: Convocatoria puestos en r\u00e9gimen interinidad en Colegio Espa\u00f1ol Mar\u00eda Moliner, curso 21\/22.<\/a>\n<ul>\n<li>El plazo de presentaci\u00f3n de solicitudes ser\u00e1 del 12 de febrero a las 8:00 horas, al 26 de febrero de 2021 a las 17:30 horas<\/li>\n<\/ul>\n<\/li>\n<li><a href=\"https:\/\/sidimurcia.org\/index.php\/2021\/02\/10\/marruecos-convocatoria-listas-de-interinos-de-maestros-de-secundaria-y-de-profesores-tecnicos-de-fp\/\">MARRUECOS: Convocatoria listas de interinos de Maestros, de Secundaria y de Profesores T\u00e9cnicos de FP<\/a>\n<ul>\n<li>Plazo presentaci\u00f3n de solicitudes: Del 9 a 23 de febrero de 2021.<\/li>\n<\/ul>\n<\/li>\n<li><a href=\"https:\/\/sidimurcia.org\/index.php\/2021\/02\/05\/baleares-convocatoria-publica-para-formar-una-bolsa-de-aspirantes-a-interinos-de-varias-especialidades-y-cuerpos\/\">BALEARES: Convocatoria p\u00fablica para formar una bolsa de aspirantes a interinos de varias especialidades y cuerpos.<\/a>\n<ul>\n<li>El plazo finaliza el 23 de marzo de 2021, incluido.<\/li>\n<\/ul>\n<\/li>\n<li><a href=\"https:\/\/sidimurcia.org\/index.php\/2021\/02\/04\/cantabria-nombramientos-de-interinos-as-de-matematicas-006-con-acreditacion-en-ingles\/\">CANTABRIA: Nombramientos de interinos\/as de Matem\u00e1ticas (006) con acreditaci\u00f3n en Ingl\u00e9s.<\/a>\n<ul>\n<li>Plazo desde las 9:00 horas del d\u00eda 4 de febrero de 2021, hasta las 14:00 horas del d\u00eda 5 de febrero de 2021.<\/li>\n<\/ul>\n<\/li>\n<li><a href=\"https:\/\/sidimurcia.org\/index.php\/2021\/02\/04\/andalucia-bolsas-de-trabajo-de-determinadas-especialidades-del-cuerpo-de-maestros\/\">ANDALUCIA: Bolsas de trabajo de determinadas especialidades del Cuerpo de Maestros<\/a>\n<ul>\n<li>Plazo del 5 al 18 de febrero de 2021, ambos inclusive.<\/li>\n<\/ul>\n<\/li>\n<li><a href=\"https:\/\/sidimurcia.org\/index.php\/2021\/01\/18\/cantabria-ofrecimientos-para-nombramientos-interinos-as-varias-especialidades-de-secundaria-y-fp\/\">CANTABRIA: ofrecimientos para nombramientos interinos\/as varias especialidades de Secundaria y FP<\/a>\n<ul>\n<li>Plazo desde las 9:00 horas del d\u00eda 18 de enero de 2021, hasta las 14:00 horas del d\u00eda 19 de enero de 2021.<\/li>\n<\/ul>\n<\/li>\n<li><a href=\"https:\/\/sidimurcia.org\/index.php\/2020\/12\/23\/andalucia-convocatoria-a-bolsas-de-trabajo-de-determinadas-especialidades-y-cuerpos\/\">ANDALUC\u00cdA: Convocatoria a bolsas de trabajo de determinadas especialidades y cuerpos.<\/a>\n<ul>\n<li>Plazo desde el 23 de diciembre de 2020 hasta el 8 de enero de 2021<\/li>\n<\/ul>\n<\/li>\n<li><a href=\"https:\/\/sidimurcia.org\/index.php\/2020\/12\/23\/asturias-convocatoria-de-bolsas-de-aspirantes-a-interinidad-varios-cuerpos-y-especialidades\/\">ASTURIAS: Convocatoria de bolsas de aspirantes a interinidad varios cuerpos y especialidades<\/a>\n<ul>\n<li>Plazo de presentaci\u00f3n del 24 de diciembre de 2020 al 11 de enero de 2021 ambos inclusive<\/li>\n<\/ul>\n<\/li>\n<li><a href=\"https:\/\/sidimurcia.org\/index.php\/2020\/12\/16\/navarra-apertura-de-listas-especificas-de-interinos-de-varias-especialidades-de-secundaria\/\">NAVARRA: Apertura de listas espec\u00edficas de interinos de varias especialidades de Secundaria<\/a>\n<ul>\n<li>Plazo de presentaci\u00f3n de solicitudes del 16 al 22 diciembre de 2020, ambos incluidos.<\/li>\n<\/ul>\n<\/li>\n<li><a href=\"https:\/\/sidimurcia.org\/index.php\/2020\/12\/15\/la-rioja-convocatoria-extraordinaria-de-interinos-de-ingles-de-secundaria-y-de-pt-de-maestros\/\">LA RIOJA: Convocatoria extraordinaria de interinos de ingl\u00e9s de Secundaria y de PT de Maestros.<\/a>\n<ul>\n<li>Plazo de presentaci\u00f3n de solicitudes : Del 14 al 18 diciembre de 2020<\/li>\n<\/ul>\n<\/li>\n<li><a href=\"https:\/\/sidimurcia.org\/index.php\/2020\/11\/30\/cantabria-ofrecimientos-para-nombramientos-interinos-as-de-ingles-011-de-secundaria\/\">CANTABRIA: ofrecimientos para nombramientos interinos\/as de Ingl\u00e9s (011) de Secundaria.<\/a>\n<ul>\n<li>Plazo desde las 9:00 horas del d\u00eda 30 de noviembre de 2020, hasta las 14:00 horas del d\u00eda 1 de diciembre de 2020.<\/li>\n<\/ul>\n<\/li>\n<li><a href=\"https:\/\/sidimurcia.org\/index.php\/2020\/11\/16\/cantabria-ofrecimientos-para-nombramientos-interinos-as-de-filosofia-001-y-lengua-castellana-y-literatura\/\">CANTABRIA: ofrecimientos para nombramientos interinos\/as de Filosof\u00eda (001) y Lengua Castellana y Literatura<\/a>\n<ul>\n<li>Plazo desde las 9:00 horas del d\u00eda 16 de noviembre de 2020, hasta las 14:00 horas del d\u00eda 17 de noviembre de 2020.<\/li>\n<\/ul>\n<\/li>\n<li><a href=\"https:\/\/sidimurcia.org\/index.php\/2020\/11\/11\/cantabria-ofrecimientos-para-nombramientos-de-interinos-as-de-varios-cuerpos-y-especialidades-2\/\">CANTABRIA: Ofrecimientos para nombramientos de interinos\/as de varios cuerpos y especialidades.<\/a>\n<ul>\n<li>Plazo desde las 9:00 horas del d\u00eda 12 de noviembre de 2020, hasta las 14:00 horas del d\u00eda 13 de noviembre de 2020.<\/li>\n<\/ul>\n<\/li>\n<li><a href=\"https:\/\/sidimurcia.org\/index.php\/2020\/11\/11\/melilla-bolsa-extraordinaria-de-trabajo-para-la-especialidad-de-talla-de-piedra-y-madera\/\">MELILLA: Bolsa extraordinaria de trabajo para la especialidad de Talla de Piedra y Madera<\/a>\n<ul>\n<li>Plazo desde el 07 de noviembre de 2020 hasta el 16 de noviembre de 2020<\/li>\n<\/ul>\n<\/li>\n<li><a href=\"https:\/\/sidimurcia.org\/index.php\/2020\/11\/05\/la-rioja-convocatoria-extraordinaria-de-interinos-de-ensenanza-secundaria-matematicas\/\">LA RIOJA: Convocatoria extraordinaria de interinos de Ense\u00f1anza Secundaria: Matem\u00e1ticas.<\/a>\n<ul>\n<li>Plazo de presentaci\u00f3n de solicitudes : Del 5 al 10 noviembre de 2020<\/li>\n<\/ul>\n<\/li>\n<li><a href=\"https:\/\/sidimurcia.org\/index.php\/2020\/11\/04\/cantabria-ofrecimientos-para-nombramientos-de-interinos-as-de-varios-cuerpos-y-especialidades\/\">CANTABRIA: Ofrecimientos para nombramientos de interinos\/as de varios cuerpos y especialidades.<\/a>\n<ul>\n<li>Plazo desde las 9:00 horas del d\u00eda 5 de noviembre de 2020, hasta las 14:00 horas del d\u00eda 6 de noviembre de 2020<\/li>\n<\/ul>\n<\/li>\n<li><a href=\"https:\/\/sidimurcia.org\/index.php\/2020\/11\/03\/melilla-bolsa-de-trabajo-extraordinaria-varios-cuerpos\/\">MELILLA: Bolsa extraordinaria de trabajo varios cuerpos.<\/a>\n<ul>\n<li>Desde el 31 de octubre hasta el 9 de noviembre de 2020.<\/li>\n<\/ul>\n<\/li>\n<li><a href=\"https:\/\/sidimurcia.org\/index.php\/2020\/10\/30\/aragon-ampliacion-lista-lengua-extranjera-frances-del-cuerpo-de-maestros\/\">ARAG\u00d3N: Ampliaci\u00f3n Lista LENGUA EXTRANJERA: FRANC\u00c9S del cuerpo de maestros.<\/a>\n<ul>\n<li>Desde las 00:00 horas del lunes 26 de octubre hasta las 14:00 horas del martes 3 de noviembre.<\/li>\n<\/ul>\n<\/li>\n<li><a href=\"https:\/\/sidimurcia.org\/index.php\/2020\/10\/30\/la-rioja-llamamiento-extraordinario-de-varios-cuerpos-y-especialidades\/\">LA RIOJA: Llamamiento extraordinario de varios cuerpos y especialidades.<\/a>\n<ul>\n<li>Desde las 16:15h. del d\u00eda 29 de octubre a las 16:15h. del 30 de octubre de 2020<\/li>\n<\/ul>\n<\/li>\n<li><a href=\"https:\/\/sidimurcia.org\/index.php\/2020\/10\/27\/cantabria-ofrecimientos-para-nombramientos-de-interinos-de-varias-especialidades-y-cuerpos\/\">CANTABRIA: Ofrecimientos para nombramientos de interinos de varias especialidades y cuerpos.<\/a>\n<ul>\n<li>Desde las 9:00 horas del d\u00eda 29 de octubre de 2020, hasta las 14:00 horas del d\u00eda 30 de octubre de 2020.<\/li>\n<\/ul>\n<\/li>\n<li><a href=\"https:\/\/sidimurcia.org\/index.php\/2020\/10\/26\/madrid-convocatoria-extraordinaria-de-interinos-en-determinadas-especialidades\/\">MADRID: Convocatoria extraordinaria de interinos de determinadas especialidades.<\/a>\n<ul>\n<li>Plazo de presentaci\u00f3n de solicitudes: 26 de octubre \u00a0al 10 de noviembre de 2020, ambos inclusive.<\/li>\n<\/ul>\n<\/li>\n<li><a href=\"https:\/\/sidimurcia.org\/index.php\/2020\/10\/23\/cataluna-bolsa-de-trabajo-de-personal-docente-de-varios-cuerpos-y-especialidades\/\">CATALU\u00d1A: Bolsa de trabajo de personal docente de varios cuerpos y especialidades.<\/a>\n<ul>\n<li><span style=\"color: #000000;\">Plazo de solicitudes hasta el 17 de febrero de 2021.<\/span><\/li>\n<\/ul>\n<\/li>\n<li><a href=\"https:\/\/sidimurcia.org\/index.php\/2020\/10\/23\/galicia-convocan-procedimientos-para-la-elaboracion-de-listas-de-interinidades-y-sustituciones-de-varios-cuerpos-y-especialidades\/\">GALICIA: Convocatoria para la inclusi\u00f3n en las listas de interinidades y sustituciones de distintas especialidades.<\/a>\n<ul>\n<li><span style=\"color: #000000;\">Plazo<span class=\"inline\">: \u00a022\/10\/2020 &#8211; 28\/10\/2020<\/span><\/span><\/li>\n<\/ul>\n<\/li>\n<li><a href=\"https:\/\/sidimurcia.org\/index.php\/2020\/10\/21\/cantabria-ofrecimientos-para-nombramientos-de-interinos-de-procesos-y-productos-de-textil-confeccion-y-piel\/\">CANTABRIA: Ofrecimientos para nombramientos de interinos de Procesos y Productos de Textil, Confecci\u00f3n y Piel<\/a>\n<ul>\n<li>Plazo desde las 9:00 horas del d\u00eda 22 de octubre de 2020, hasta las 14:00 horas del d\u00eda 23 de octubre de 2020.<\/li>\n<\/ul>\n<\/li>\n<li><a href=\"https:\/\/sidimurcia.org\/index.php\/2020\/10\/21\/castilla-la-mancha-oferta-de-plazas-docentes-disponibles-mediante-llamamiento-publico-telematico-de-varias-esepcialidades\/\">CASTILLA LA MANCHA: Oferta de plazas docentes disponibles mediante llamamiento p\u00fablico telem\u00e1tico de varias especialidades<\/a>\n<ul>\n<li>Plazo hasta las 9.00 horas del jueves, d\u00eda 22 de octubre de 2020<\/li>\n<\/ul>\n<\/li>\n<li><a href=\"https:\/\/sidimurcia.org\/index.php\/2020\/10\/20\/marruecos-convocatoria-de-plazas-de-interinos-de-procedimientos-sanitarios-y-asistenciales-y-de-fisica-y-quimica\/\">MARRUECOS: Convocatoria de plazas de interinos de Procedimientos Sanitarios y Asistenciales y de F\u00edsica y Qu\u00edmica<\/a>\n<ul>\n<li>Plazo de presentaci\u00f3n de solicitudes: hasta las 10:00 del 21 de octubre de 2020<\/li>\n<\/ul>\n<\/li>\n<li><a href=\"https:\/\/sidimurcia.org\/index.php\/2020\/10\/16\/aragon-ampliacion-de-listas-de-espera-de-la-especialidad-de-musica-del-cuerpo-de-maestros\/\">ARAG\u00d3N: Ampliaci\u00f3n de listas de espera de la especialidad de \u201cM\u00daSICA\u201d del Cuerpo de MAESTROS<\/a>\n<ul>\n<li>Plazo desde las 00:00 horas del viernes 16 de octubre hasta las 14:00 horas del lunes 26 de octubre<\/li>\n<\/ul>\n<\/li>\n<li><a href=\"https:\/\/sidimurcia.org\/index.php\/2020\/10\/14\/cantabria-ofrecimientos-para-nombramientos-interinos-de-cocina-y-pasteleria-y-operaciones-de-procesos\/\">CANTABRIA: Ofrecimientos para nombramientos interinos de Cocina y Pasteler\u00eda y Operaciones de Procesos<\/a>\n<ul>\n<li>Plazo desde las 9:00 horas del d\u00eda 15 de octubre de 2020, hasta las 14:00 horas del d\u00eda 16 de octubre de 2020.<\/li>\n<\/ul>\n<\/li>\n<li><a href=\"https:\/\/sidimurcia.org\/index.php\/2020\/10\/09\/ceuta-convocatoria-extraordinaria-para-la-elaboracion-de-listas-de-interinidad-secundaria-y-fp-octubre-2020\/\">CEUTA: Convocatoria extraordinaria para la elaboraci\u00f3n de listas de interinidad, Secundaria y Fp. Octubre 2020.<\/a>\n<ul>\n<li>El plazo de presentaci\u00f3n de solicitudes ser\u00e1 de tres d\u00edas h\u00e1biles a partir del d\u00eda siguiente al de publicaci\u00f3n de esta convocatoria.<\/li>\n<\/ul>\n<\/li>\n<li><a href=\"https:\/\/sidimurcia.org\/index.php\/2020\/10\/08\/castilla-y-leon-bolsa-extraordinaria-de-varias-especialidades-de-secundaria-y-fp\/\">CASTILLA Y LE\u00d3N: Bolsa extraordinaria de varias especialidades de Secundaria y FP<\/a>\n<ul>\n<li>El plazo de presentaci\u00f3n de solicitudes comenzar\u00e1 a las 8:00 horas del 8 de octubre de 2020<\/li>\n<\/ul>\n<\/li>\n<li><a href=\"https:\/\/sidimurcia.org\/index.php\/2020\/10\/08\/madrid-convocatoria-extraordinaria-de-interinos-en-determinadas-especialidades-del-cuerpo-de-maestros\/\">MADRID: convocatoria extraordinaria de interinos en determinadas especialidades del Cuerpo de Maestros.<\/a>\n<ul>\n<li>Plazo de presentaci\u00f3n de solicitudes del 9 al 23 de octubre de 2020, ambos inclusive.<\/li>\n<\/ul>\n<\/li>\n<li><a href=\"https:\/\/sidimurcia.org\/index.php\/2020\/10\/07\/cantabria-ofrecimientos-nombramientos-de-interinos-de-varios-cuerpos-y-especialidades\/\">CANTABRIA: Ofrecimientos nombramientos de interinos de varios cuerpos y especialidades<\/a>\n<ul>\n<li>Plazo desde las 9:00 horas del d\u00eda 8 de octubre de 2020, hasta las 14:00 horas del d\u00eda 9 de octubre de 2020.<\/li>\n<\/ul>\n<\/li>\n<li><a href=\"https:\/\/sidimurcia.org\/index.php\/2020\/10\/06\/la-rioja-llamamiento-extraordinario-para-geografia-e-historia-y-organizacion-industrial-y-legislacion\/\">LA RIOJA: Llamamiento extraordinario para Geograf\u00eda e Historia y Organizaci\u00f3n Industrial y Legislaci\u00f3n<\/a>\n<ul>\n<li>Plazo de presentaci\u00f3n de solicitudes: Desde las 15:20h. del d\u00eda 5 de octubre a las 15:20h. del 6 de octubre de 2020<\/li>\n<\/ul>\n<\/li>\n<li><a href=\"https:\/\/sidimurcia.org\/index.php\/2020\/10\/01\/la-rioja-convocatoria-extraordinaria-de-interinos-del-cuerpo-de-maestros-audicion-y-lenguaje\/\">LA RIOJA: Convocatoria extraordinaria de interinos del cuerpo de Maestros: Audici\u00f3n y Lenguaje.<\/a>\n<ul>\n<li>Plazo de presentaci\u00f3n de solicitudes : Del 1 al 7 de octubre de 2020.<\/li>\n<\/ul>\n<\/li>\n<li><a href=\"https:\/\/sidimurcia.org\/index.php\/2020\/09\/30\/cantabria-ofrecimientos-para-nombramientos-interinos-de-varios-cuerpo-y-especialidades\/\">CANTABRIA: Ofrecimientos para nombramientos interinos de varios cuerpo y especialidades.<\/a>\n<ul>\n<li>Plazo desde las 9:00 horas del d\u00eda 1 de octubre de 2020, hasta las 14:00 horas del d\u00eda 2 de octubre de 2020.<\/li>\n<\/ul>\n<\/li>\n<li><a href=\"https:\/\/sidimurcia.org\/index.php\/2020\/09\/30\/extremadura-convocatoria-de-listas-de-espera-de-varios-cuerpos-y-especialidades\/\">EXTREMADURA: Convocatoria de listas de espera de varios cuerpos y especialidades.<\/a>\n<ul>\n<li>Plazo del 1 al 15 de octubre, ambos inclusive<\/li>\n<\/ul>\n<\/li>\n<li><a href=\"https:\/\/sidimurcia.org\/index.php\/2020\/09\/28\/ceuta-y-melilla-formacion-de-listas-de-aspirantes-a-desempenar-puestos-en-regimen-de-interinidad-20-21\/\">CEUTA Y MELILLA: Formaci\u00f3n de listas de aspirantes a desempe\u00f1ar puestos en r\u00e9gimen de interinidad 20\/21<\/a>\n<ul>\n<li>Plazo de presentaci\u00f3n de solicitudes: desde el 26 de septiembre de 2020 hasta el 05 de octubre de 2020<\/li>\n<\/ul>\n<\/li>\n<li><a href=\"https:\/\/sidimurcia.org\/index.php\/2020\/09\/22\/cantabria-ofrecimientos-para-ser-funcionarios-as-interinos-as-de-varios-cuerpos-y-especialidades-2\/\">CANTABRIA: Ofrecimientos para ser funcionarios\/as interinos\/as de varios cuerpos y especialidades.<\/a>\n<ul>\n<li>Plazo desde las 9:00 horas del d\u00eda 24 de septiembre de 2020, hasta las 14:00 horas del d\u00eda 25 de septiembre de 2020.<\/li>\n<\/ul>\n<\/li>\n<li><a href=\"https:\/\/sidimurcia.org\/index.php\/2020\/09\/15\/madrid-convocatoria-extraordinaria-para-la-seleccion-de-interinos-de-varios-cuerpos-y-especialidades\/\">MADRID: Convocatoria extraordinaria para la selecci\u00f3n de interinos de varios cuerpos y especialidades<\/a>\n<ul>\n<li>Plazo de presentaci\u00f3n de solicitudes del 16 al 29 de septiembre de 2020, ambos inclusive<\/li>\n<\/ul>\n<\/li>\n<li><a href=\"https:\/\/sidimurcia.org\/index.php\/2020\/09\/15\/cantabria-ofrecimientos-para-ser-funcionarios-as-interinos-as-de-varios-cuerpos-y-especialidades\/\">CANTABRIA: Ofrecimientos para ser funcionarios\/as interinos\/as de varios cuerpos y especialidades<\/a>\n<ul>\n<li>Plazo desde las 9:00 horas del d\u00eda 17 de septiembre de 2020, hasta las 14:00 horas del d\u00eda 18 de septiembre de 2020.<\/li>\n<\/ul>\n<\/li>\n<li><a href=\"https:\/\/sidimurcia.org\/index.php\/2020\/08\/26\/canarias-convocatoria-extraordinaria-por-el-tramite-de-urgencia-para-la-ampliacion-de-listas-de-empleo-varios-cuerpos-y-especialidades\/\">CANARIAS: Convocatoria extraordinaria, por el tr\u00e1mite de urgencia, para la ampliaci\u00f3n de listas de empleo varios cuerpos y especialidades.<\/a>\n<ul>\n<li>Plazo de solicitudes del 24 de agosto al 4 de septiembre de 2020.<br \/>\n<hr \/>\n<\/li>\n<\/ul>\n<\/li>\n<li><a href=\"https:\/\/sidimurcia.org\/index.php\/2020\/08\/06\/castilla-y-leon-listas-extraordinarias-de-interinos-de-varias-especialidades-de-fp\/\">CASTILLA Y LE\u00d3N: Listas extraordinarias de interinos de varias especialidades de FP<\/a>\n<ul>\n<li>Plazo de presentaci\u00f3n de solicitudes: Del 5 al 17 de agosto de 2020, ambos inclusive.<\/li>\n<\/ul>\n<\/li>\n<li><a href=\"https:\/\/sidimurcia.org\/index.php\/2020\/07\/12\/madrid-convocatoria-extraordinarioa-de-interinos-de-varias-especialidades-y-cuerpos\/\">MADRID: Convocatoria extraordinaria de interinos de varias especialidades y cuerpos.<\/a>\n<ul>\n<li>Plazo del 13 al 24 de julio de 2020, ambos inclusive<\/li>\n<\/ul>\n<\/li>\n<li><a href=\"https:\/\/sidimurcia.org\/index.php\/2020\/07\/06\/castilla-la-mancha-bolsa-de-profesores-especialistas-para-los-ciclos-formativos-de-grado-medio-y-de-grado-superior-de-ensenanzas-aeronauticas\/\">CASTILLA LA MANCHA: Bolsa de profesores especialistas para los ciclos formativos de grado medio y de grado superior de ense\u00f1anzas aeron\u00e1uticas.<\/a>\n<ul>\n<li>Plazo de presentaci\u00f3n de solicitudes desde el 7 de julio hasta el 20 de julio de 2020, ambos inclusive.<\/li>\n<\/ul>\n<\/li>\n<li><a href=\"https:\/\/sidimurcia.org\/index.php\/2020\/07\/06\/la-rioja-convocatoria-extraordinaria-de-interinos-de-secundaria-mantenimiento-de-vehiculos\/\">LA RIOJA: Convocatoria extraordinaria de interinos de Secundaria: Mantenimiento de Veh\u00edculos<\/a>\n<ul>\n<li>Plazo de presentaci\u00f3n de solicitudes: Del 6 al 10 de julio de 2020.<\/li>\n<\/ul>\n<\/li>\n<li><a href=\"https:\/\/sidimurcia.org\/index.php\/2020\/07\/01\/la-rioja-convocatoria-extraordinaria-de-interinos-de-secundaria-fisica-y-quimica\/\">LA RIOJA: Convocatoria extraordinaria de interinos de Secundaria: F\u00edsica y Qu\u00edmica<\/a>\n<ul>\n<li>Plazo de presentaci\u00f3n de solicitudes : Del 30 de junio al 6 de julio de 2020<\/li>\n<\/ul>\n<\/li>\n<li><a href=\"https:\/\/sidimurcia.org\/index.php\/2020\/06\/25\/eeuu-profesores-interinos-en-programas-educativos-en-el-exterior-20-21-secciones-espanolas-de-miami-y-nueva-york-y-de-la-agrupacion-de-lengua-y-cultura-espanolas-de-nueva-york\/\">EEUU: Profesores interinos en programas educativos en el exterior 20\/21, secciones espa\u00f1olas de Miami y Nueva York y de la Agrupaci\u00f3n de Lengua y Cultura Espa\u00f1olas de Nueva York<\/a>\n<ul>\n<li>Plazo de presentaci\u00f3n de solicitudes: desde el 25 de junio de 2020 hasta el 16 de julio de 2020<\/li>\n<\/ul>\n<\/li>\n<li><a href=\"https:\/\/sidimurcia.org\/index.php\/2020\/06\/22\/navarra-incorporacion-de-personal-docente-interino-a-listas-de-varias-especialidades-de-secundaria-y-fp\/\">NAVARRA: Incorporaci\u00f3n de personal docente interino a listas de varias especialidades de Secundaria y Fp<\/a>\n<ul>\n<li>Plazo Del 22-06-2020 al 26-06-2020<\/li>\n<\/ul>\n<\/li>\n<li><a href=\"https:\/\/sidimurcia.org\/index.php\/2020\/06\/13\/convocatoria-de-procedimiento-extraordinario-para-la-seleccion-de-personal-interino-varias-especialidades-de-secundaria\/\">Convocatoria de procedimiento extraordinario para la selecci\u00f3n de personal interino para varias especialidades de Secundaria<\/a>\n<ul>\n<li>Plazo de presentaci\u00f3n de solicitudes: Desde el 15 de junio a las 00:00 horas hasta el 29 de junio a las 13:00 horas.<\/li>\n<\/ul>\n<\/li>\n<li><a href=\"https:\/\/sidimurcia.org\/index.php\/2020\/06\/01\/australia-oferta-de-empleo-de-profesor-temporal-en-canberra-en-la-agrupacion-de-lengua-y-cultura-espanolas\/\">AUSTRALIA: Oferta de empleo de profesor temporal en Canberra en la Agrupaci\u00f3n de lengua y cultura espa\u00f1olas.<\/a><\/li>\n<li><a href=\"https:\/\/sidimurcia.org\/index.php\/2020\/05\/22\/reino-unido-e-irlanda-profesores-interinos-en-programas-educativos-en-el-exterior-curso-20-21-2\/\">REINO UNIDO E IRLANDA: Profesores interinos en programas educativos en el exterior, curso 20\/21<\/a>\n<ul>\n<li>Plazo de presentaci\u00f3n de solicitudes: desde el 20 de mayo de 2020 a las 00:00 hasta el 26 de mayo de 2020 a las 23:59<\/li>\n<\/ul>\n<\/li>\n<li><a href=\"https:\/\/sidimurcia.org\/index.php\/2020\/05\/19\/la-rioja-convocatorias-extraordinarias-de-interinos-de-secundaria-lengua-castellana-y-literatura\/\">LA RIOJA: Convocatoria extraordinaria de interinos de Secundaria: Lengua Castellana y Literatura.<\/a>\n<ul>\n<li>Plazo de presentaci\u00f3n de solicitudes : Del 18 al 22 de mayo de 2020<\/li>\n<\/ul>\n<\/li>\n<li><a href=\"https:\/\/sidimurcia.org\/index.php\/2020\/05\/13\/belgica-y-luxemburgo-convocatoria-profesores-interinos-en-programas-educativos-en-el-exterior-2020-2021\/\">B\u00c9LGICA Y LUXEMBURGO: Convocatoria profesores interinos en programas educativos en el exterior 2020-2021<\/a>\n<ul>\n<li>Plazo de presentaci\u00f3n de solicitudes: desde el 16 de marzo de 2020 hasta el 08 de junio de 2020<\/li>\n<\/ul>\n<\/li>\n<li><a href=\"https:\/\/sidimurcia.org\/index.php\/2020\/05\/13\/paises-bajos-convocatoria-profesores-interinos-en-programas-educativos-en-el-exterior-2020-2021\/\">PA\u00cdSES BAJOS: Convocatoria profesores interinos en programas educativos en el exterior 2020-2021<\/a>\n<ul>\n<li>Plazo de presentaci\u00f3n de solicitudes: desde el 16 de marzo de 2020 hasta el 08 de junio de 2020<\/li>\n<\/ul>\n<\/li>\n<li><a href=\"https:\/\/sidimurcia.org\/index.php\/2020\/05\/07\/mefp-profesores-en-secciones-bilingues-de-espanol-en-europa-central-orientalturquia-y-china-20-21\/\">MEFP: Profesores en secciones biling\u00fces de espa\u00f1ol en Europa central, oriental y China 20\/21<\/a>\n<ul>\n<li>Plazo de solicitud desde el 07 de mayo de 2020 hasta el 05 de junio de 2020 a las 14:00<\/li>\n<\/ul>\n<\/li>\n<li><a href=\"https:\/\/sidimurcia.org\/index.php\/2020\/03\/20\/belgica-paises-bajos-y-luxemburgo-convocatoria-de-interins-alce-durante-el-curso-20-21\/\">B\u00c9LGICA, PA\u00cdSES BAJOS Y LUXEMBURGO: Convocatoria de interin@s ALCE durante el curso 20\/21<\/a>\n<ul>\n<li>Plazo presentaci\u00f3n de solicitudes: Del 16 al 30 de marzo de 2020, ambos incluidos.<\/li>\n<\/ul>\n<\/li>\n<li><a href=\"https:\/\/sidimurcia.org\/index.php\/2020\/03\/11\/andalucia-seleccion-de-personal-para-el-conservatorio-superior-de-musica-victoria-eugenia\/\">ANDALUC\u00cdA: Selecci\u00f3n de personal para el Conservatorio Superior de M\u00fasica VICTORIA EUGENIA<\/a>\n<ul>\n<li>Plazo de solicitudes: Del 11 al 24 de marzo de 2020.<\/li>\n<\/ul>\n<\/li>\n<li><a href=\"https:\/\/sidimurcia.org\/index.php\/2020\/03\/09\/reino-unido-e-irlanda-profesores-interinos-en-programas-educativos-en-el-exterior-curso-20-21\/\">REINO UNIDO E IRLANDA: Profesores interinos en programas educativos en el exterior, curso 20\/21<\/a>\n<ul>\n<li>Plazo de presentaci\u00f3n de solicitudes:Desde el 06 de marzo de 2020 a las 00:00 hasta el 20 de marzo de 2020 a las 23:59<\/li>\n<\/ul>\n<\/li>\n<li><a href=\"https:\/\/sidimurcia.org\/index.php\/2020\/02\/27\/castilla-la-mancha-convocatoria-de-bolsas-de-trabajo-para-secundaria-fp-y-otros-cuerpos-de-varias-especialidades\/\">CASTILLA LA MANCHA: Convocatoria de bolsas de trabajo para Secundaria, Fp y Otros Cuerpos de varias especialidades.<\/a>\n<ul>\n<li>El plazo de presentaci\u00f3n de solicitudes ser\u00e1 hasta las 09:00 horas del viernes 28 de Febrero de 2020<\/li>\n<\/ul>\n<\/li>\n<li><a href=\"https:\/\/sidimurcia.org\/index.php\/2020\/02\/27\/suiza-y-austria-convocatoria-para-profesores-interinos-en-programas-educativos-en-el-exterior-curso-20-21\/\">SUIZA Y AUSTRIA: Convocatoria para profesores interinos en programas educativos en el exterior, curso 20\/21.<\/a>\n<ul>\n<li>PLAZO hasta el 10 de marzo de 2020 a las 23:59<\/li>\n<\/ul>\n<\/li>\n<li><a href=\"https:\/\/sidimurcia.org\/index.php\/2020\/02\/25\/aragon-ampliacion-lista-interinos-de-tecnologia-y-laboratorio\/\">ARAG\u00d3N: Ampliaci\u00f3n Lista interinos de Tecnolog\u00eda y Laboratorio<\/a>\n<ul>\n<li>PLAZO: desde las 00:00 horas del 25 de febrero hasta las 23:59 del 27 de febrero o hasta las 14:00 del 2 de marzo.<\/li>\n<\/ul>\n<\/li>\n<li><a href=\"https:\/\/sidimurcia.org\/index.php\/2020\/02\/19\/portugal-profesores-interinos-en-programas-educativos-en-el-exterior-ies-espanol-giner-de-los-rios-curso-20-21\/\">PORTUGAL: Profesores interinos en programas educativos en el exterior, IES Espa\u00f1ol Giner de los R\u00edos, curso 20\/21<\/a>\n<ul>\n<li>Plazo presentaci\u00f3n solicitudes: Desde el 18 de febrero de 2020 a las 00:00 hasta el 03 de marzo de 2020 a las 23:00<\/li>\n<\/ul>\n<\/li>\n<li><a href=\"https:\/\/sidimurcia.org\/index.php\/2020\/02\/18\/aragon-ampliacion-lista-interinos-de-sistemas-y-aplicaciones-informaticas\/\">ARAG\u00d3N: Ampliaci\u00f3n Lista interinos de Sistemas y Aplicaciones Inform\u00e1ticas<\/a>\n<ul>\n<li>Plazo desde las 00:00 horas del martes 18 de febrero hasta las 14:00 del viernes 21 de febrero.<\/li>\n<\/ul>\n<\/li>\n<li><a href=\"https:\/\/sidimurcia.org\/index.php\/2020\/02\/17\/colombia-brasil-convocatoria-profesores-interinos-en-programas-educativos-en-exterior-curso-20-21\/\">COLOMBIA-BRASIL: Convocatoria Profesores interinos en programas educativos en exterior, curso 20\/21<\/a>\n<ul>\n<li>Plazo de presentaci\u00f3n de solicitudes: desde el 18 de febrero de 2020 a las 08:00 hasta el 02 de marzo de 2020 a las 17:30<\/li>\n<\/ul>\n<\/li>\n<li><a href=\"https:\/\/sidimurcia.org\/index.php\/2020\/02\/17\/andorra-convocatoria-puestos-en-regimen-interinidad-en-colegio-espanol-maria-moliner-curso-20-21\/\">ANDORRA: Convocatoria puestos en r\u00e9gimen interinidad en Colegio Espa\u00f1ol Mar\u00eda Moliner, curso 20\/21.<\/a>\n<ul>\n<li>Plazo del 17 de febrero de 2020 a 2 de marzo de 2020 hasta las 17:30.<\/li>\n<\/ul>\n<\/li>\n<li><a href=\"https:\/\/sidimurcia.org\/index.php\/2020\/02\/10\/italia-profesores-interinos-en-programas-educativos-en-el-exterior-curso-20-21\/\">ITALIA: Profesores interinos en programas educativos en el exterior, curso 20\/21<\/a>\n<ul>\n<li>Plazo de presentaci\u00f3n de solicitudes: desde el 10 de febrero de 2020 a las 08:00 hasta el 28 de febrero de 2020 a las 17:30<\/li>\n<\/ul>\n<\/li>\n<li><a href=\"https:\/\/sidimurcia.org\/index.php\/2020\/02\/10\/italia-profesores-interinos-en-programas-educativos-en-el-exterior-curso-19-20-prorroga\/\">ITALIA: Profesores interinos en programas educativos en el exterior, curso 19\/20 Pr\u00f3rroga<\/a>\n<ul>\n<li>Plazo de presentaci\u00f3n de solicitudes: desde el 10 de febrero de 2020 hasta el 21 de febrero de 2020 a las 14:00<\/li>\n<\/ul>\n<\/li>\n<li><a href=\"https:\/\/sidimurcia.org\/index.php\/2020\/02\/04\/cantabria-convocatoria-para-presentar-ofrecimientos-para-nombramientos-interinos-de-varias-especialidades\/\">CANTABRIA: Convocatoria para presentar ofrecimientos para nombramientos interinos de varias especialidades.<\/a>\n<ul>\n<li>Plazo desde las 9:00 horas del d\u00eda 5 de febrero de 2020, hasta las 14:00 horas del d\u00eda 6 de febrero de 2020.<\/li>\n<\/ul>\n<\/li>\n<li><a href=\"https:\/\/sidimurcia.org\/index.php\/2020\/02\/03\/2612\/\">ASTURIAS: Convocatoria de elaboraci\u00f3n de bolsas de aspirantes a interinidad de varias especialidades.<\/a>\n<ul>\n<li>Plazo de solicitud: del 4 al 24 de febrero de 2020 ambos inclusive<\/li>\n<\/ul>\n<\/li>\n<li><a href=\"https:\/\/sidimurcia.org\/index.php\/2020\/01\/30\/galicia-apertura-de-las-listas-de-interinidades-para-impartir-docencia-en-el-cuerpo-de-maestros-ingles-597032-y-frances-597033\/\">GALICIA: Apertura de las listas de interinidades para impartir docencia en el cuerpo de maestros: Ingl\u00e9s (597032) y Franc\u00e9s (597033).<\/a>\n<ul>\n<li>El plazo para formular solicitudes ser\u00e1 de cinco d\u00edas h\u00e1biles contados a partir del siguiente al de la publicaci\u00f3n de esta resoluci\u00f3n.<\/li>\n<\/ul>\n<\/li>\n<li><a href=\"https:\/\/sidimurcia.org\/index.php\/2020\/01\/28\/la-rioja-convocatorias-extraordinarias-de-interinos-de-secundaria-y-profesores-tecnicos-de-fp\/\">LA RIOJA: Convocatorias extraordinarias de interinos de Secundaria y Profesores T\u00e9cnicos de FP.<\/a>\n<ul>\n<li>Plazo de presentaci\u00f3n de solicitudes y m\u00e9ritos: Del 28 de enero al 10 de febrero de 2020.<\/li>\n<\/ul>\n<\/li>\n<li><a href=\"https:\/\/sidimurcia.org\/index.php\/2020\/01\/21\/ceuta-y-melilla-convocatoria-extraordinaria-interinos-de-frances-y-musica-s-estetica-ptfp-frances-eoi-curso-2019-2020\/\">CEUTA Y MELILLA: Convocatoria extraordinaria interinos de Franc\u00e9s y M\u00fasica (S). Est\u00e9tica (PTFP). Franc\u00e9s (EOI) curso 2019-2020<\/a>\n<ul>\n<li>Plazo presentaci\u00f3n de solicitudes: Desde el 21 de enero de 2020 hasta el 23 de enero de 2020<\/li>\n<\/ul>\n<\/li>\n<li><a href=\"https:\/\/sidimurcia.org\/index.php\/2020\/01\/16\/marruecos-convocatoria-para-profesores-interinos-en-programas-educativos-en-el-exterior-curso-2020-2021\/\">MARRUECOS: Convocatoria para profesores interinos en programas educativos en el exterior, curso 2020-2021.<\/a>\n<ul>\n<li>Plazo de presentaci\u00f3n de solicitudes: desde el 15 de enero de 2020 hasta el 29 de enero de 2020 a las 17:30<\/li>\n<\/ul>\n<\/li>\n<li><a href=\"https:\/\/sidimurcia.org\/index.php\/2019\/12\/13\/andalucia-bolsas-de-aspirantes-a-interinidad-de-resolucion-de-5-de-diciembre-de-2019-de-la-direccion-general-del-profesorado-y-gestion-de-recursos-humanos-por-la-que-se-realiza-convocato\/\">ANDALUC\u00cdA: Bolsas de aspirantes a interinidad de determinadas especialidades del Cuerpo de Catedr\u00e1ticos de M\u00fasica y Artes Esc\u00e9nicas.<\/a>\n<ul>\n<li>El plazo de admisi\u00f3n de instancias es desde 16\/12\/2019 hasta el 02\/01\/2020<\/li>\n<\/ul>\n<\/li>\n<li><a href=\"https:\/\/sidimurcia.org\/index.php\/2019\/11\/27\/asturias-bolsas-de-aspirantes-a-interinidad-de-varias-especialidades\/\">ASTURIAS: Bolsas de aspirantes a interinidad de varias especialidades.<\/a>\n<ul>\n<li>Plazo de presentaci\u00f3n de solicitudes: del 27 de noviembre al 19 de diciembre ambos inclusive<\/li>\n<\/ul>\n<\/li>\n<li><a href=\"https:\/\/sidimurcia.org\/index.php\/2019\/11\/19\/navarra-incorpotacion-de-personal-docente-de-listas-especificas-a-varios-cuerpos-y-especialidades\/\">NAVARRA: Incorporaci\u00f3n de personal docente de listas espec\u00edficas a varios cuerpos y especialidades.<\/a>\n<ul>\n<li>Plazo de presentaci\u00f3n de solicitudes del d\u00eda 14 de noviembre, hasta el d\u00eda 2 de diciembre.<\/li>\n<\/ul>\n<\/li>\n<li><a href=\"https:\/\/sidimurcia.org\/index.php\/2019\/11\/18\/andalucia-bolsas-de-aspirantes-a-interinidad-de-varias-especialidades\/\">ANDALUC\u00cdA: Bolsas de aspirantes a interinidad de varias especialidades<\/a>\n<ul>\n<li>Plazo de solicitud: Del 19 de noviembre al 2 de diciembre.<\/li>\n<\/ul>\n<\/li>\n<li><a href=\"https:\/\/sidimurcia.org\/index.php\/2019\/11\/12\/aragon-ampliacion-lista-interinos-de-organizacion-y-gestion-comercial\/\">ARAG\u00d3N: Ampliaci\u00f3n Lista interinos de Organizaci\u00f3n y Gesti\u00f3n Comercial de Secundaria<\/a>\n<ul>\n<li>Plazo desde las 00:00 horas del martes 12 de noviembre hasta las 14:00 horas del martes 19 de noviembre.<\/li>\n<\/ul>\n<\/li>\n<li><a href=\"https:\/\/sidimurcia.org\/sd\/index.php?option=com_content&amp;task=view&amp;id=13928&amp;Itemid=358\" target=\"_self\" rel=\"noopener noreferrer\">ARAG\u00d3N: Ampliaci\u00f3n Lista interinos de Viol\u00edn, del Cuerpo de Catedr\u00e1ticos de M\u00fasica y AAEE.<\/a>\n<ul>\n<li>Plazo desde las 00:00 horas del mi\u00e9rcoles 2 de octubre hasta las 14:00 del lunes 7 de octubre.<\/li>\n<\/ul>\n<\/li>\n<\/ul>\n<\/div>\n<ul>\n<li><a href=\"https:\/\/sidimurcia.org\/sd\/index.php?option=com_content&amp;task=view&amp;id=13910&amp;Itemid=358\" target=\"_self\" rel=\"noopener noreferrer\">CASTILLA Y LE\u00d3N: Listas extraordinarias de varias especialidades catedr\u00e1ticos y Prof. M\u00fasica y AAEE <\/a>\n<ul>\n<li>Plazo de presentaci\u00f3n de solicitudes: Del 1 al 10 de octubre de 2019, ambos incluidos<\/li>\n<\/ul>\n<\/li>\n<\/ul>\n<\/div>\n<ul>\n<li><a href=\"https:\/\/sidimurcia.org\/sd\/index.php?option=com_content&amp;task=view&amp;id=13909&amp;Itemid=358\" target=\"_self\" rel=\"noopener noreferrer\">BALEARES: Bolsas de aspirantes a interinidad de varias especialidades. <\/a>\n<ul>\n<li>El plazo para presentar las solicitudes para participar en la convocatoria es del d\u00eda 1 de octubre al 10 de octubre, ambos incluidos.<\/li>\n<\/ul>\n<\/li>\n<\/ul>\n<\/div>\n<ul>\n<li><a href=\"https:\/\/sidimurcia.org\/sd\/index.php?option=com_content&amp;task=view&amp;id=13908&amp;Itemid=358\" target=\"_self\" rel=\"noopener noreferrer\">ASTURIAS: Bolsas de aspirantes a interinidad. 0590-Matem\u00e1ticas y 0591-Mant. veh\u00edculos<\/a>\n<ul>\n<li>\n<div>Plazo de presentaci\u00f3n de solicitudes: del 1 de octubre de 2019 al 21 de octubre de 2019 ambos inclusive<strong><br \/>\n<\/strong><\/div>\n<\/li>\n<\/ul>\n<\/li>\n<\/ul>\n<\/div>\n<\/div>\n<\/div>\n<\/div>\n<\/div>\n<\/div>\n<\/div>\n<\/div>\n","protected":false},"excerpt":{"rendered":"<p>Relaci\u00f3n\u00a0 de Bolsas de Trabajo Activas EN OTRAS COMUNIDADES AUT\u00d3NOMAS Si buscas otra informaci\u00f3n relativa a Bolsas de Trabajo en &#8230; <a title=\"Bolsas de trabajo activas\" class=\"read-more\" href=\"https:\/\/sidimurcia.org\/index.php\/bolsas-de-trabajo-activas\/\" aria-label=\"Leer m\u00e1s sobre Bolsas de trabajo activas\">Leer mas<\/a><\/p>\n","protected":false},"author":1,"featured_media":0,"parent":0,"menu_order":0,"comment_status":"closed","ping_status":"closed","template":"","meta":{"footnotes":""},"class_list":["post-156","page","type-page","status-publish"],"yoast_head":"<!-- This site is optimized with the Yoast SEO plugin v27.2 - https:\/\/yoast.com\/product\/yoast-seo-wordpress\/ -->\n<title>Bolsas de trabajo activas - SIDI<\/title>\n<meta name=\"robots\" content=\"index, follow, max-snippet:-1, max-image-preview:large, max-video-preview:-1\" \/>\n<link rel=\"canonical\" href=\"https:\/\/sidimurcia.org\/index.php\/bolsas-de-trabajo-activas\/\" \/>\n<link rel=\"next\" href=\"https:\/\/sidimurcia.org\/index.php\/bolsas-de-trabajo-activas\/2\/\" \/>\n<meta property=\"og:locale\" content=\"es_ES\" \/>\n<meta property=\"og:type\" content=\"article\" \/>\n<meta property=\"og:title\" content=\"Bolsas de trabajo activas - SIDI\" \/>\n<meta property=\"og:description\" content=\"Relaci\u00f3n\u00a0 de Bolsas de Trabajo Activas EN OTRAS COMUNIDADES AUT\u00d3NOMAS Si buscas otra informaci\u00f3n relativa a Bolsas de Trabajo en ... Leer mas\" \/>\n<meta property=\"og:url\" content=\"https:\/\/sidimurcia.org\/index.php\/bolsas-de-trabajo-activas\/\" \/>\n<meta property=\"og:site_name\" content=\"SIDI\" \/>\n<meta property=\"article:publisher\" content=\"https:\/\/es-es.facebook.com\/sidi.sindicatodedocentes\" \/>\n<meta property=\"article:modified_time\" content=\"2022-04-25T18:06:42+00:00\" \/>\n<meta name=\"twitter:card\" content=\"summary_large_image\" \/>\n<meta name=\"twitter:site\" content=\"@SIDIMURCIA\" \/>\n<meta name=\"twitter:label1\" content=\"Tiempo de lectura\" \/>\n\t<meta name=\"twitter:data1\" content=\"16 minutos\" \/>\n<script type=\"application\/ld+json\" class=\"yoast-schema-graph\">{\"@context\":\"https:\/\/schema.org\",\"@graph\":[{\"@type\":\"WebPage\",\"@id\":\"https:\/\/sidimurcia.org\/index.php\/bolsas-de-trabajo-activas\/\",\"url\":\"https:\/\/sidimurcia.org\/index.php\/bolsas-de-trabajo-activas\/\",\"name\":\"Bolsas de trabajo activas - SIDI\",\"isPartOf\":{\"@id\":\"https:\/\/sidimurcia.org\/#website\"},\"datePublished\":\"2019-10-10T15:16:51+00:00\",\"dateModified\":\"2022-04-25T18:06:42+00:00\",\"inLanguage\":\"es\",\"potentialAction\":[{\"@type\":\"ReadAction\",\"target\":[\"https:\/\/sidimurcia.org\/index.php\/bolsas-de-trabajo-activas\/\"]}]},{\"@type\":\"WebSite\",\"@id\":\"https:\/\/sidimurcia.org\/#website\",\"url\":\"https:\/\/sidimurcia.org\/\",\"name\":\"SIDI\",\"description\":\"Sindicato Independiente de Docentes\",\"publisher\":{\"@id\":\"https:\/\/sidimurcia.org\/#organization\"},\"potentialAction\":[{\"@type\":\"SearchAction\",\"target\":{\"@type\":\"EntryPoint\",\"urlTemplate\":\"https:\/\/sidimurcia.org\/?s={search_term_string}\"},\"query-input\":{\"@type\":\"PropertyValueSpecification\",\"valueRequired\":true,\"valueName\":\"search_term_string\"}}],\"inLanguage\":\"es\"},{\"@type\":\"Organization\",\"@id\":\"https:\/\/sidimurcia.org\/#organization\",\"name\":\"Sindicato Independiente de Docentes - SIDI\",\"url\":\"https:\/\/sidimurcia.org\/\",\"logo\":{\"@type\":\"ImageObject\",\"inLanguage\":\"es\",\"@id\":\"https:\/\/sidimurcia.org\/#\/schema\/logo\/image\/\",\"url\":\"https:\/\/sidimurcia.org\/wp-content\/uploads\/cropped-PARAPESTANAWEB-1.jpg\",\"contentUrl\":\"https:\/\/sidimurcia.org\/wp-content\/uploads\/cropped-PARAPESTANAWEB-1.jpg\",\"width\":512,\"height\":512,\"caption\":\"Sindicato Independiente de Docentes - SIDI\"},\"image\":{\"@id\":\"https:\/\/sidimurcia.org\/#\/schema\/logo\/image\/\"},\"sameAs\":[\"https:\/\/es-es.facebook.com\/sidi.sindicatodedocentes\",\"https:\/\/x.com\/SIDIMURCIA\",\"https:\/\/www.instagram.com\/sidi_murcia\/\",\"https:\/\/www.youtube.com\/channel\/UCwwdL3uFtDKJdbOfmC70wIQ\"]}]}<\/script>\n<!-- \/ Yoast SEO plugin. -->","yoast_head_json":{"title":"Bolsas de trabajo activas - SIDI","robots":{"index":"index","follow":"follow","max-snippet":"max-snippet:-1","max-image-preview":"max-image-preview:large","max-video-preview":"max-video-preview:-1"},"canonical":"https:\/\/sidimurcia.org\/index.php\/bolsas-de-trabajo-activas\/","next":"https:\/\/sidimurcia.org\/index.php\/bolsas-de-trabajo-activas\/2\/","og_locale":"es_ES","og_type":"article","og_title":"Bolsas de trabajo activas - SIDI","og_description":"Relaci\u00f3n\u00a0 de Bolsas de Trabajo Activas EN OTRAS COMUNIDADES AUT\u00d3NOMAS Si buscas otra informaci\u00f3n relativa a Bolsas de Trabajo en ... Leer mas","og_url":"https:\/\/sidimurcia.org\/index.php\/bolsas-de-trabajo-activas\/","og_site_name":"SIDI","article_publisher":"https:\/\/es-es.facebook.com\/sidi.sindicatodedocentes","article_modified_time":"2022-04-25T18:06:42+00:00","twitter_card":"summary_large_image","twitter_site":"@SIDIMURCIA","twitter_misc":{"Tiempo de lectura":"16 minutos"},"schema":{"@context":"https:\/\/schema.org","@graph":[{"@type":"WebPage","@id":"https:\/\/sidimurcia.org\/index.php\/bolsas-de-trabajo-activas\/","url":"https:\/\/sidimurcia.org\/index.php\/bolsas-de-trabajo-activas\/","name":"Bolsas de trabajo activas - SIDI","isPartOf":{"@id":"https:\/\/sidimurcia.org\/#website"},"datePublished":"2019-10-10T15:16:51+00:00","dateModified":"2022-04-25T18:06:42+00:00","inLanguage":"es","potentialAction":[{"@type":"ReadAction","target":["https:\/\/sidimurcia.org\/index.php\/bolsas-de-trabajo-activas\/"]}]},{"@type":"WebSite","@id":"https:\/\/sidimurcia.org\/#website","url":"https:\/\/sidimurcia.org\/","name":"SIDI","description":"Sindicato Independiente de Docentes","publisher":{"@id":"https:\/\/sidimurcia.org\/#organization"},"potentialAction":[{"@type":"SearchAction","target":{"@type":"EntryPoint","urlTemplate":"https:\/\/sidimurcia.org\/?s={search_term_string}"},"query-input":{"@type":"PropertyValueSpecification","valueRequired":true,"valueName":"search_term_string"}}],"inLanguage":"es"},{"@type":"Organization","@id":"https:\/\/sidimurcia.org\/#organization","name":"Sindicato Independiente de Docentes - SIDI","url":"https:\/\/sidimurcia.org\/","logo":{"@type":"ImageObject","inLanguage":"es","@id":"https:\/\/sidimurcia.org\/#\/schema\/logo\/image\/","url":"https:\/\/sidimurcia.org\/wp-content\/uploads\/cropped-PARAPESTANAWEB-1.jpg","contentUrl":"https:\/\/sidimurcia.org\/wp-content\/uploads\/cropped-PARAPESTANAWEB-1.jpg","width":512,"height":512,"caption":"Sindicato Independiente de Docentes - SIDI"},"image":{"@id":"https:\/\/sidimurcia.org\/#\/schema\/logo\/image\/"},"sameAs":["https:\/\/es-es.facebook.com\/sidi.sindicatodedocentes","https:\/\/x.com\/SIDIMURCIA","https:\/\/www.instagram.com\/sidi_murcia\/","https:\/\/www.youtube.com\/channel\/UCwwdL3uFtDKJdbOfmC70wIQ"]}]}},"_links":{"self":[{"href":"https:\/\/sidimurcia.org\/index.php\/wp-json\/wp\/v2\/pages\/156","targetHints":{"allow":["GET"]}}],"collection":[{"href":"https:\/\/sidimurcia.org\/index.php\/wp-json\/wp\/v2\/pages"}],"about":[{"href":"https:\/\/sidimurcia.org\/index.php\/wp-json\/wp\/v2\/types\/page"}],"author":[{"embeddable":true,"href":"https:\/\/sidimurcia.org\/index.php\/wp-json\/wp\/v2\/users\/1"}],"replies":[{"embeddable":true,"href":"https:\/\/sidimurcia.org\/index.php\/wp-json\/wp\/v2\/comments?post=156"}],"version-history":[{"count":0,"href":"https:\/\/sidimurcia.org\/index.php\/wp-json\/wp\/v2\/pages\/156\/revisions"}],"wp:attachment":[{"href":"https:\/\/sidimurcia.org\/index.php\/wp-json\/wp\/v2\/media?parent=156"}],"curies":[{"name":"wp","href":"https:\/\/api.w.org\/{rel}","templated":true}]}}